{"id":40887,"date":"2024-09-12T15:21:09","date_gmt":"2024-09-12T15:21:09","guid":{"rendered":"https:\/\/moretus-ekeren.be\/?page_id=40887"},"modified":"2024-09-12T15:21:11","modified_gmt":"2024-09-12T15:21:11","slug":"schoolnieuws","status":"publish","type":"page","link":"https:\/\/moretus-ekeren.be\/index.php\/schoolnieuws\/","title":{"rendered":"Schoolnieuws"},"content":{"rendered":"\t\t<div\n\t\t\tclass=\"wp-block-newspack-blocks-homepage-articles is-style-borders wpnbha show-image image-aligntop ts-4 is-3 is-square is-style-borders has-text-align-left has-more-button\"\n\t\t\tstyle=\"\"\n\t\t\t>\n\t\t\t<div data-posts data-current-post-id=\"40887\">\n\t\t\t\t\t\t\t\t\n\t<article data-post-id=\"40998\"\n\t\tclass=\"category-niet-gecategoriseerd type-post\"\n\t\t\t\t>\n\t\t\t\t\n\t\t<div class=\"entry-wrapper\">\n\t\t\t<h2 class=\"entry-title\"><a href=\"https:\/\/moretus-ekeren.be\/index.php\/2024\/10\/23\/kwisse-met-klasse-3\/\" rel=\"bookmark\">Kwisse met klasse<\/a><\/h2>\t\t\t\t\t\t<p>Hey quizzer!\u00a0Het is weer zover! Er komt een nieuwe editie van Kwisse met Klasse aan!\u00a0Op vrijdag 8 november 2024 gooien we de deuren weer open voor een vernieuwde, vernuftige en amusante quiz die veel thema&#8217;s en topics aanbiedt.Vanaf 19u30 kan u in de zaal. Deze bevindt zich op campus Middenschool, die te vinden is in\u2026<\/p>\n\t\t<\/div><!-- .entry-wrapper -->\n\t<\/article>\n\n\t\t\n\t<article data-post-id=\"40992\"\n\t\tclass=\"category-niet-gecategoriseerd type-post\"\n\t\t\t\t>\n\t\t\t\t\n\t\t<div class=\"entry-wrapper\">\n\t\t\t<h2 class=\"entry-title\"><a href=\"https:\/\/moretus-ekeren.be\/index.php\/2024\/10\/23\/ouderraad-organiseert\/\" rel=\"bookmark\">Ouderraad organiseert&#8230;<\/a><\/h2>\t\t\t\t\t\t<p>De ouderraad organiseert een lezing door Ivan Tijsmans over het gsm-gebruik van de broekzakgeneratie.Iedereen welkom op 7 november!Voor meer info: www.kopjekop.be of scan de QR-code.<\/p>\n\t\t<\/div><!-- .entry-wrapper -->\n\t<\/article>\n\n\t\t\n\t<article data-post-id=\"40984\"\n\t\tclass=\"category-niet-gecategoriseerd type-post\"\n\t\t\t\t>\n\t\t\t\t\n\t\t<div class=\"entry-wrapper\">\n\t\t\t<h2 class=\"entry-title\"><a href=\"https:\/\/moretus-ekeren.be\/index.php\/2024\/10\/23\/halloweentocht\/\" rel=\"bookmark\">Halloweentocht<\/a><\/h2>\t\t\t\t\t\t<p>Donderdag 31 oktober zullen de leerlingen van 4 MAWEa en 4 MAWEb figureren op de Halloweenwandeling die doorgaat in het Veltwijckpark van 19u tot 20.30u.Iedereen is van harte welkom met het gezin en vrienden om een kijkje te komen nemen!<\/p>\n\t\t<\/div><!-- .entry-wrapper -->\n\t<\/article>\n\n\t\t\n\t<article data-post-id=\"40925\"\n\t\tclass=\"category-niet-gecategoriseerd type-post\"\n\t\t\t\t>\n\t\t\t\t\n\t\t<div class=\"entry-wrapper\">\n\t\t\t<h2 class=\"entry-title\"><a href=\"https:\/\/moretus-ekeren.be\/index.php\/2024\/10\/02\/stratenloop\/\" rel=\"bookmark\">Stratenloop<\/a><\/h2>\t\t\t\t\t\t<p>Hou je klaar voor vrijdagavond 4 oktober want dan organiseren we weer onze jaarlijkse stratenloop. Naast de loopwedstrijd zijn er voor de leerlingen ook extra punten te verdienen voor de klasgroep die het mooist verkleed is.De helft van de opbrengst gaat naar de aankoop van schoolmateriaal, de andere helft komt ten goede aan het sociaal\u2026<\/p>\n\t\t<\/div><!-- .entry-wrapper -->\n\t<\/article>\n\n\t\t\n\t<article data-post-id=\"40917\"\n\t\tclass=\"category-niet-gecategoriseerd type-post\"\n\t\t\t\t>\n\t\t\t\t\n\t\t<div class=\"entry-wrapper\">\n\t\t\t<h2 class=\"entry-title\"><a href=\"https:\/\/moretus-ekeren.be\/index.php\/2024\/10\/02\/steun-onze-school-via-trooper-2\/\" rel=\"bookmark\">Steun onze school via Trooper<\/a><\/h2>\t\t\t\t\t\t\t\t<\/div><!-- .entry-wrapper -->\n\t<\/article>\n\n\t\t\n\t<article data-post-id=\"40875\"\n\t\tclass=\"category-niet-gecategoriseerd type-post\"\n\t\t\t\t>\n\t\t\t\t\n\t\t<div class=\"entry-wrapper\">\n\t\t\t<h2 class=\"entry-title\"><a href=\"https:\/\/moretus-ekeren.be\/index.php\/2024\/09\/12\/nominatie-leerkracht-van-het-jaar\/\" rel=\"bookmark\">Nominatie \u201cLeerkracht van het jaar\u201d<\/a><\/h2>\t\t\t\t\t\t<p>Greet Engelbeen (leerkracht aardrijkskunde CLIL, Engels en eerste hulp ICT) is bij de 50 meest genomineerde leerkrachten van de 19.000 genomineerden voor de titel \u2018Leerkracht van het jaar\u2019. 25 juni wordt de winnaar bekend gemaakt. Voor Moretus is mevr. Engelbeen al een winnaar. Ze staat voor iedereen klaar, is een duizendpoot aan talent, zet zich\u2026<\/p>\n\t\t<\/div><!-- .entry-wrapper -->\n\t<\/article>\n\n\t\t\n\t<article data-post-id=\"40879\"\n\t\tclass=\"category-niet-gecategoriseerd type-post\"\n\t\t\t\t>\n\t\t\t\t\n\t\t<div class=\"entry-wrapper\">\n\t\t\t<h2 class=\"entry-title\"><a href=\"https:\/\/moretus-ekeren.be\/index.php\/2024\/09\/12\/sportdag-2de-jaar\/\" rel=\"bookmark\">Sportdag 2de jaar<\/a><\/h2>\t\t\t\t\t\t\t\t<\/div><!-- .entry-wrapper -->\n\t<\/article>\n\n\t\t\n\t<article data-post-id=\"40872\"\n\t\tclass=\"category-niet-gecategoriseerd type-post\"\n\t\t\t\t>\n\t\t\t\t\n\t\t<div class=\"entry-wrapper\">\n\t\t\t<h2 class=\"entry-title\"><a href=\"https:\/\/moretus-ekeren.be\/index.php\/2024\/09\/12\/4zowe-bezoekt-wzc-christine\/\" rel=\"bookmark\">4ZOWE bezoekt WZC Christine<\/a><\/h2>\t\t\t\t\t\t\t\t<\/div><!-- .entry-wrapper -->\n\t<\/article>\n\n\t\t\n\t<article data-post-id=\"40465\"\n\t\tclass=\"category-nieuws type-post\"\n\t\t\t\t>\n\t\t\t\t\n\t\t<div class=\"entry-wrapper\">\n\t\t\t<h2 class=\"entry-title\"><a href=\"https:\/\/moretus-ekeren.be\/index.php\/2024\/03\/27\/fijne-paasvakantie\/\" rel=\"bookmark\">Fijne Paasvakantie!<\/a><\/h2>\t\t\t\t\t\t<p>Wij wensen iedereen een fijne paasvakantie!<\/p>\n\t\t<\/div><!-- .entry-wrapper -->\n\t<\/article>\n\n\t\t\n\t<article data-post-id=\"40418\"\n\t\tclass=\"category-nieuws type-post\"\n\t\t\t\t>\n\t\t\t\t\n\t\t<div class=\"entry-wrapper\">\n\t\t\t<h2 class=\"entry-title\"><a href=\"https:\/\/moretus-ekeren.be\/index.php\/2024\/03\/22\/vertrek-eindejaarsreizen\/\" rel=\"bookmark\">Vertrek eindejaarsreizen<\/a><\/h2>\t\t\t\t\t\t<p>Zaterdag vertrekken onze laatstejaars op eindejaarsreizen. Iedereen een fijne reis gewenst!<\/p>\n\t\t<\/div><!-- .entry-wrapper -->\n\t<\/article>\n\n\t\t\n\t<article data-post-id=\"40411\"\n\t\tclass=\"category-nieuws type-post\"\n\t\t\t\t>\n\t\t\t\t\n\t\t<div class=\"entry-wrapper\">\n\t\t\t<h2 class=\"entry-title\"><a href=\"https:\/\/moretus-ekeren.be\/index.php\/2024\/03\/18\/infomoment\/\" rel=\"bookmark\">Infomoment BB<\/a><\/h2>\t\t\t\t\t\t\t\t<\/div><!-- .entry-wrapper -->\n\t<\/article>\n\n\t\t\n\t<article data-post-id=\"40405\"\n\t\tclass=\"category-nieuws type-post\"\n\t\t\t\t>\n\t\t\t\t\n\t\t<div class=\"entry-wrapper\">\n\t\t\t<h2 class=\"entry-title\"><a href=\"https:\/\/moretus-ekeren.be\/index.php\/2024\/03\/18\/oud-leerlingen-reunited\/\" rel=\"bookmark\">Oud-leerlingen reunited<\/a><\/h2>\t\t\t\t\t\t\t\t<\/div><!-- .entry-wrapper -->\n\t<\/article>\n\n\t\t\n\t<article data-post-id=\"40399\"\n\t\tclass=\"category-nieuws type-post\"\n\t\t\t\t>\n\t\t\t\t\n\t\t<div class=\"entry-wrapper\">\n\t\t\t<h2 class=\"entry-title\"><a href=\"https:\/\/moretus-ekeren.be\/index.php\/2024\/03\/18\/massembre-benefiet\/\" rel=\"bookmark\">Massembre benefiet<\/a><\/h2>\t\t\t\t\t\t\t\t<\/div><!-- .entry-wrapper -->\n\t<\/article>\n\n\t\t\n\t<article data-post-id=\"40392\"\n\t\tclass=\"category-nieuws type-post\"\n\t\t\t\t>\n\t\t\t\t\n\t\t<div class=\"entry-wrapper\">\n\t\t\t<h2 class=\"entry-title\"><a href=\"https:\/\/moretus-ekeren.be\/index.php\/2024\/03\/18\/kopstukkendebat\/\" rel=\"bookmark\">Kopstukkendebat<\/a><\/h2>\t\t\t\t\t\t<p>Op 14 maart organiseert onze school een politiek debat in de ETZ.Er zullen vertegenwoordigers van de belangrijkste Vlaamse partijen met elkaar in debat gaan en dit over de volgende thema&#8217;s: migratie, onderwijs, klimaat en Europa.Aan het einde van het debat zullen hen nog een aantal vragen worden voorgelegd van onze leerlingen.Welke politici tekenen normaal present\u2026<\/p>\n\t\t<\/div><!-- .entry-wrapper -->\n\t<\/article>\n\n\t\t\n\t<article data-post-id=\"40385\"\n\t\tclass=\"category-nieuws type-post\"\n\t\t\t\t>\n\t\t\t\t\n\t\t<div class=\"entry-wrapper\">\n\t\t\t<h2 class=\"entry-title\"><a href=\"https:\/\/moretus-ekeren.be\/index.php\/2024\/03\/18\/vastenvoettocht\/\" rel=\"bookmark\">Vastenvoettocht<\/a><\/h2>\t\t\t\t\t\t<p>VASTENVOETTOCHT donderdag 28 en vrijdag 29 maart.Kom voor \u00e9\u00e9n keer uit je comfortzone. Beleef samen de essentie van het begrip &#8220;vasten&#8221; en vertoef gedurende enkele uren buiten de schreeuwerigheid en het materi\u00eble over-comfort van het leven hier.Beleef samen met anderen iets puur zonder dat er eerst \u00e9\u00e9n of andere mediagenieke hype voor nodig is.Neem deel\u2026<\/p>\n\t\t<\/div><!-- .entry-wrapper -->\n\t<\/article>\n\n\t\t\n\t<article data-post-id=\"40377\"\n\t\tclass=\"category-nieuws type-post\"\n\t\t\t\t>\n\t\t\t\t\n\t\t<div class=\"entry-wrapper\">\n\t\t\t<h2 class=\"entry-title\"><a href=\"https:\/\/moretus-ekeren.be\/index.php\/2024\/03\/18\/studiebeurs-oud-leerlingen\/\" rel=\"bookmark\">Studiebeurs oud-leerlingen<\/a><\/h2>\t\t\t\t\t\t<p>Dankjewel aan alle oud-leerlingen om vorige week vrijdag hun verdere studies te komen voorstellen voor onze leerlingen die binnenkort zelf de keuze moeten maken.<\/p>\n\t\t<\/div><!-- .entry-wrapper -->\n\t<\/article>\n\n\t\t\n\t<article data-post-id=\"40002\"\n\t\tclass=\"category-nieuws type-post\"\n\t\t\t\t>\n\t\t\t\t\n\t\t<div class=\"entry-wrapper\">\n\t\t\t<h2 class=\"entry-title\"><a href=\"https:\/\/moretus-ekeren.be\/index.php\/2024\/01\/09\/koekjesverkoop\/\" rel=\"bookmark\">Koekjesverkoop<\/a><\/h2>\t\t\t\t\t\t<p>De ouderraden van Moretus-Ekeren (secundair onderwijs), van Onze-Lieve-Vrouw van Lourdesinstituut (basisonderwijs) en van Sint-Lambertusinstituut (basisonderwijs) organiseren als benefietactie voor de scholen een reuze koeken-en chocoladeverkoop. U kan kiezen uit vier pakketten.\u00a0Wij rekenen op een actieve deelname van alle leerlingen en hopen op de steun van de ouders. De verkoop start op woensdag 10 januari. Bestellingen\u2026<\/p>\n\t\t<\/div><!-- .entry-wrapper -->\n\t<\/article>\n\n\t\t\n\t<article data-post-id=\"39991\"\n\t\tclass=\"category-nieuws type-post\"\n\t\t\t\t>\n\t\t\t\t\n\t\t<div class=\"entry-wrapper\">\n\t\t\t<h2 class=\"entry-title\"><a href=\"https:\/\/moretus-ekeren.be\/index.php\/2024\/01\/08\/italiequiz-2-februari-2024\/\" rel=\"bookmark\">Itali\u00ebquiz 2 februari 2024<\/a><\/h2>\t\t\t\t\t\t<p>Beste ouders, leerlingen, oud-leerlingen, collega\u2019s en sympathisanten, Naar goede traditie organiseren wij een quiz ten voordele van de Itali\u00ebreis die onze huidige 5de-jaars leerlingen volgend jaar (in 2025) gaan maken. Dit schooljaar staat de quiz gepland op vrijdag 02 februari 2024. De locatie van dienst is de vertrouwde refter van campus Bovenbouw, Kloosterstraat 82 (aanvang\u2026<\/p>\n\t\t<\/div><!-- .entry-wrapper -->\n\t<\/article>\n\n\t\t\n\t<article data-post-id=\"39962\"\n\t\tclass=\"category-nieuws type-post\"\n\t\t\t\t>\n\t\t\t\t\n\t\t<div class=\"entry-wrapper\">\n\t\t\t<h2 class=\"entry-title\"><a href=\"https:\/\/moretus-ekeren.be\/index.php\/2023\/11\/15\/opendeur\/\" rel=\"bookmark\">OPENDEUR<\/a><\/h2>\t\t\t\t\t\t<p>Willen jullie Moretus leren kennen? Dat kan zeker! We nodigen jullie graag uit op onze OPENDEURDAG zondag 10 maart 2024 van 10 tot 14 u.Graag geven we jullie uitleg over onze visie, het studieaanbod, onze werking en hoe wij de vernieuwing van het secundair onderwijs realiseren op onze school. We kijken er naar uit jullie\u2026<\/p>\n\t\t<\/div><!-- .entry-wrapper -->\n\t<\/article>\n\n\t\t\n\t<article data-post-id=\"39885\"\n\t\tclass=\"category-nieuws type-post\"\n\t\t\t\t>\n\t\t\t\t\n\t\t<div class=\"entry-wrapper\">\n\t\t\t<h2 class=\"entry-title\"><a href=\"https:\/\/moretus-ekeren.be\/index.php\/2023\/10\/18\/kwisse-met-klasse-2\/\" rel=\"bookmark\">Kwisse met klasse<\/a><\/h2>\t\t\t\t\t\t<p>Ben jij klaar voor een nieuwe Kwisse met Klasse?Je kan je inschrijven om een plaatsje te bemachtigen! De quiz gaat door op 10 november en zal opnieuw plaatsvinden in de refter van campus Middenschool. De deuren gaan open om 19.30 u en de quiz start om 20.00 u.Jullie kunnen je inschrijven door een mailtje te\u2026<\/p>\n\t\t<\/div><!-- .entry-wrapper -->\n\t<\/article>\n\n\t\t\t\t\t<\/div>\n\t\t\t\t\t\t\t<button type=\"button\" class=\"wp-block-button__link\" data-next=\"https:\/\/moretus-ekeren.be\/index.php\/wp-json\/newspack-blocks\/v1\/articles?className=is-style-borders&#038;showDate=0&#038;imageShape=square&#038;moreButton=1&#038;showAuthor=0&#038;postsToShow=20&#038;showExcerpt=1&#038;excerptLength=55&#038;showReadMore=0&#038;readMoreLabel=Keep%20reading&#038;showImage=1&#038;showCaption=0&#038;disableImageLazyLoad=0&#038;fetchPriority&#038;minHeight=0&#038;moreButtonText&#038;showAvatar=1&#038;showCategory=0&#038;postLayout=list&#038;columns=3&#038;colGap=3&#038;mediaPosition=top&#038;&#038;&#038;includeSubcategories=1&#038;&#038;&#038;&#038;&#038;typeScale=4&#038;imageScale=3&#038;mobileStack=0&#038;sectionHeader&#038;specificMode=0&#038;textColor&#038;customTextColor&#038;singleMode=0&#038;showSubtitle=0&#038;postType%5B0%5D=post&#038;textAlign=left&#038;includedPostStatuses%5B0%5D=publish&#038;deduplicate=1&#038;page=2\">\n\t\t\t\tMeer berichten laden\t\t\t\t<\/button>\n\t\t\t\t<p class=\"loading\">\n\t\t\t\t\tAan het laden&#8230;\t\t\t\t<\/p>\n\t\t\t\t<p class=\"error\">\n\t\t\t\t\tEr is iets fout gegaan. Vernieuw de pagina en\/of probeer het opnieuw.\t\t\t\t<\/p>\n\n\t\t\t\n\t\t<\/div>\n\t\t","protected":false},"excerpt":{"rendered":"","protected":false},"author":1,"featured_media":0,"parent":0,"menu_order":0,"comment_status":"closed","ping_status":"closed","template":"","meta":{"_starter_page_template":"blank","_wpcom_template_layout_category":["featured"],"footnotes":"","_wpscppro_custom_social_share_image":0,"_facebook_share_type":"","_twitter_share_type":"","_linkedin_share_type":"","_pinterest_share_type":"","_linkedin_share_type_page":"","_instagram_share_type":"","_medium_share_type":"","_threads_share_type":"","_selected_social_profile":[]},"class_list":["post-40887","page","type-page","status-publish","hentry"],"_links":{"self":[{"href":"https:\/\/moretus-ekeren.be\/index.php\/wp-json\/wp\/v2\/pages\/40887","targetHints":{"allow":["GET"]}}],"collection":[{"href":"https:\/\/moretus-ekeren.be\/index.php\/wp-json\/wp\/v2\/pages"}],"about":[{"href":"https:\/\/moretus-ekeren.be\/index.php\/wp-json\/wp\/v2\/types\/page"}],"author":[{"embeddable":true,"href":"https:\/\/moretus-ekeren.be\/index.php\/wp-json\/wp\/v2\/users\/1"}],"replies":[{"embeddable":true,"href":"https:\/\/moretus-ekeren.be\/index.php\/wp-json\/wp\/v2\/comments?post=40887"}],"version-history":[{"count":1,"href":"https:\/\/moretus-ekeren.be\/index.php\/wp-json\/wp\/v2\/pages\/40887\/revisions"}],"predecessor-version":[{"id":40888,"href":"https:\/\/moretus-ekeren.be\/index.php\/wp-json\/wp\/v2\/pages\/40887\/revisions\/40888"}],"wp:attachment":[{"href":"https:\/\/moretus-ekeren.be\/index.php\/wp-json\/wp\/v2\/media?parent=40887"}],"curies":[{"name":"wp","href":"https:\/\/api.w.org\/{rel}","templated":true}]}}